{"id":2130,"date":"2022-08-28T23:01:37","date_gmt":"2022-08-28T23:01:37","guid":{"rendered":"https:\/\/terciariascapuchinasbuenpastor.org\/?page_id=2130"},"modified":"2026-04-08T21:56:25","modified_gmt":"2026-04-08T21:56:25","slug":"vocacional","status":"publish","type":"page","link":"https:\/\/terciariascapuchinasbuenpastor.org\/index.php\/vocacional\/","title":{"rendered":"PASTORAL VOCACIONAL"},"content":{"rendered":"\t\t<div data-elementor-type=\"wp-page\" data-elementor-id=\"2130\" class=\"elementor elementor-2130\">\n\t\t\t\t\t\t\t\t\t<section class=\"elementor-section elementor-top-section elementor-element elementor-element-436b73f elementor-section-full_width elementor-section-height-default elementor-section-height-default\" data-id=\"436b73f\" data-element_type=\"section\">\n\t\t\t\t\t\t<div class=\"elementor-container elementor-column-gap-default\">\n\t\t\t\t\t<div class=\"elementor-column elementor-col-100 elementor-top-column elementor-element elementor-element-5b6022a\" data-id=\"5b6022a\" data-element_type=\"column\">\n\t\t\t<div class=\"elementor-widget-wrap elementor-element-populated\">\n\t\t\t\t\t\t\t\t<div class=\"elementor-element elementor-element-5616f54 elementor-drop-cap-yes elementor-drop-cap-view-default elementor-widget elementor-widget-text-editor\" data-id=\"5616f54\" data-element_type=\"widget\" data-settings=\"{&quot;drop_cap&quot;:&quot;yes&quot;}\" data-widget_type=\"text-editor.default\">\n\t\t\t\t<div class=\"elementor-widget-container\">\n\t\t\t<style>\/*! elementor - v3.7.1 - 14-08-2022 *\/\n.elementor-widget-text-editor.elementor-drop-cap-view-stacked .elementor-drop-cap{background-color:#818a91;color:#fff}.elementor-widget-text-editor.elementor-drop-cap-view-framed .elementor-drop-cap{color:#818a91;border:3px solid;background-color:transparent}.elementor-widget-text-editor:not(.elementor-drop-cap-view-default) .elementor-drop-cap{margin-top:8px}.elementor-widget-text-editor:not(.elementor-drop-cap-view-default) .elementor-drop-cap-letter{width:1em;height:1em}.elementor-widget-text-editor .elementor-drop-cap{float:left;text-align:center;line-height:1;font-size:50px}.elementor-widget-text-editor .elementor-drop-cap-letter{display:inline-block}<\/style>\t\t\t\t<p>Convencidas que nuestra vocaci\u00f3n de mujeres consagradas como Terciarias Capuchinas de la Sagrada Familia sea un don grande y hermoso que Dios nos ha hecho y que el acompa\u00f1amiento a los j\u00f3venes es parte de nuestra misi\u00f3n, cultivamos la pastoral vocacional como espacio de b\u00fasqueda y encuentro con los j\u00f3venes para que, aun en medio de tantas propuesta que reciben para buscar su autorrealizaci\u00f3n, logren descubrir la llamada de Dios y tengan la fortaleza para responderle y encontrar as\u00ed la verdadera felicidad.<\/p><p>El camino de la Pastoral vocacional es un itinerario de acercamiento a Jes\u00fas y de encuentro con \u00c9l en su Palabra, la oraci\u00f3n y los pobres que nos revelan su rostro y atendemos en nuestras obras. A lo largo de este tiempo, les ofrecemos experiencias en nuestras comunidades para que conozcan mejor nuestra forma de vida y no caminen solos sino en compa\u00f1\u00eda de hermanas ilusionadas y felices por lo que son.<\/p>\t\t\t\t\t\t<\/div>\n\t\t\t\t<\/div>\n\t\t\t\t\t<\/div>\n\t\t<\/div>\n\t\t\t\t\t\t\t<\/div>\n\t\t<\/section>\n\t\t\t\t<section class=\"elementor-section elementor-top-section elementor-element elementor-element-48dd17e elementor-section-boxed elementor-section-height-default elementor-section-height-default\" data-id=\"48dd17e\" data-element_type=\"section\">\n\t\t\t\t\t\t<div class=\"elementor-container elementor-column-gap-default\">\n\t\t\t\t\t<div class=\"elementor-column elementor-col-100 elementor-top-column elementor-element elementor-element-c43c841\" data-id=\"c43c841\" data-element_type=\"column\">\n\t\t\t<div class=\"elementor-widget-wrap elementor-element-populated\">\n\t\t\t\t\t\t\t\t<div class=\"elementor-element elementor-element-a0e6938 elementor-widget elementor-widget-image\" data-id=\"a0e6938\" data-element_type=\"widget\" data-widget_type=\"image.default\">\n\t\t\t\t<div class=\"elementor-widget-container\">\n\t\t\t<style>\/*! elementor - v3.7.1 - 14-08-2022 *\/\n.elementor-widget-image{text-align:center}.elementor-widget-image a{display:inline-block}.elementor-widget-image a img[src$=\".svg\"]{width:48px}.elementor-widget-image img{vertical-align:middle;display:inline-block}<\/style>\t\t\t\t\t\t\t\t\t\t\t\t<img loading=\"lazy\" decoding=\"async\" width=\"1024\" height=\"518\" src=\"https:\/\/terciariascapuchinasbuenpastor.org\/wp-content\/uploads\/2022\/08\/Imagen1DSDSD-1024x518.png\" class=\"attachment-large size-large\" alt=\"\" srcset=\"https:\/\/terciariascapuchinasbuenpastor.org\/wp-content\/uploads\/2022\/08\/Imagen1DSDSD-1024x518.png 1024w, https:\/\/terciariascapuchinasbuenpastor.org\/wp-content\/uploads\/2022\/08\/Imagen1DSDSD-300x152.png 300w, https:\/\/terciariascapuchinasbuenpastor.org\/wp-content\/uploads\/2022\/08\/Imagen1DSDSD-768x389.png 768w, https:\/\/terciariascapuchinasbuenpastor.org\/wp-content\/uploads\/2022\/08\/Imagen1DSDSD.png 1371w\" sizes=\"auto, (max-width: 1024px) 100vw, 1024px\" \/>\t\t\t\t\t\t\t\t\t\t\t\t\t\t\t<\/div>\n\t\t\t\t<\/div>\n\t\t\t\t\t<\/div>\n\t\t<\/div>\n\t\t\t\t\t\t\t<\/div>\n\t\t<\/section>\n\t\t\t\t<section class=\"elementor-section elementor-top-section elementor-element elementor-element-c35664a elementor-section-boxed elementor-section-height-default elementor-section-height-default\" data-id=\"c35664a\" data-element_type=\"section\">\n\t\t\t\t\t\t<div class=\"elementor-container elementor-column-gap-default\">\n\t\t\t\t\t<div class=\"elementor-column elementor-col-100 elementor-top-column elementor-element elementor-element-485fa29\" data-id=\"485fa29\" data-element_type=\"column\">\n\t\t\t<div class=\"elementor-widget-wrap elementor-element-populated\">\n\t\t\t\t\t\t\t\t<div class=\"elementor-element elementor-element-79b4e9c elementor-widget elementor-widget-image\" data-id=\"79b4e9c\" data-element_type=\"widget\" data-widget_type=\"image.default\">\n\t\t\t\t<div class=\"elementor-widget-container\">\n\t\t\t\t\t\t\t\t\t\t\t\t\t\t\t\t<a href=\"https:\/\/youtube.com\/@pastoralamigonianapmbp?si=2AyKrfG_Axot0_4r\">\n\t\t\t\t\t\t\t<img loading=\"lazy\" decoding=\"async\" width=\"1024\" height=\"512\" src=\"https:\/\/terciariascapuchinasbuenpastor.org\/wp-content\/uploads\/2026\/04\/PastoralAmigoniana_Youtube26-1024x512.jpeg\" class=\"attachment-large size-large\" alt=\"\" srcset=\"https:\/\/terciariascapuchinasbuenpastor.org\/wp-content\/uploads\/2026\/04\/PastoralAmigoniana_Youtube26-1024x512.jpeg 1024w, https:\/\/terciariascapuchinasbuenpastor.org\/wp-content\/uploads\/2026\/04\/PastoralAmigoniana_Youtube26-300x150.jpeg 300w, https:\/\/terciariascapuchinasbuenpastor.org\/wp-content\/uploads\/2026\/04\/PastoralAmigoniana_Youtube26-768x384.jpeg 768w, https:\/\/terciariascapuchinasbuenpastor.org\/wp-content\/uploads\/2026\/04\/PastoralAmigoniana_Youtube26-1536x768.jpeg 1536w, https:\/\/terciariascapuchinasbuenpastor.org\/wp-content\/uploads\/2026\/04\/PastoralAmigoniana_Youtube26.jpeg 1600w\" sizes=\"auto, (max-width: 1024px) 100vw, 1024px\" \/>\t\t\t\t\t\t\t\t<\/a>\n\t\t\t\t\t\t\t\t\t\t\t\t\t\t\t<\/div>\n\t\t\t\t<\/div>\n\t\t\t\t\t<\/div>\n\t\t<\/div>\n\t\t\t\t\t\t\t<\/div>\n\t\t<\/section>\n\t\t\t\t\t\t\t<\/div>\n\t\t","protected":false},"excerpt":{"rendered":"<p>Convencidas que nuestra vocaci\u00f3n de mujeres consagradas como Terciarias Capuchinas de la Sagrada Familia sea un don grande y hermoso que Dios nos ha hecho y que el acompa\u00f1amiento a los j\u00f3venes es parte de nuestra misi\u00f3n, cultivamos la pastoral vocacional como espacio de b\u00fasqueda y encuentro con los j\u00f3venes para que, aun en medio&hellip; <br \/> <a class=\"read-more\" href=\"https:\/\/terciariascapuchinasbuenpastor.org\/index.php\/vocacional\/\">Leer m\u00e1s<\/a><\/p>\n","protected":false},"author":1,"featured_media":0,"parent":0,"menu_order":0,"comment_status":"closed","ping_status":"closed","template":"","meta":{"footnotes":""},"class_list":["post-2130","page","type-page","status-publish","hentry"],"yoast_head":"<!-- This site is optimized with the Yoast SEO plugin v19.6.1 - https:\/\/yoast.com\/wordpress\/plugins\/seo\/ -->\n<title>PASTORAL VOCACIONAL - Terciarias Capuchinas Madre del Buen Pastor<\/title>\n<meta name=\"robots\" content=\"index, follow, max-snippet:-1, max-image-preview:large, max-video-preview:-1\" \/>\n<link rel=\"canonical\" href=\"https:\/\/terciariascapuchinasbuenpastor.org\/index.php\/vocacional\/\" \/>\n<meta property=\"og:locale\" content=\"es_ES\" \/>\n<meta property=\"og:type\" content=\"article\" \/>\n<meta property=\"og:title\" content=\"PASTORAL VOCACIONAL - Terciarias Capuchinas Madre del Buen Pastor\" \/>\n<meta property=\"og:description\" content=\"Convencidas que nuestra vocaci\u00f3n de mujeres consagradas como Terciarias Capuchinas de la Sagrada Familia sea un don grande y hermoso que Dios nos ha hecho y que el acompa\u00f1amiento a los j\u00f3venes es parte de nuestra misi\u00f3n, cultivamos la pastoral vocacional como espacio de b\u00fasqueda y encuentro con los j\u00f3venes para que, aun en medio&hellip; Leer m\u00e1s\" \/>\n<meta property=\"og:url\" content=\"https:\/\/terciariascapuchinasbuenpastor.org\/index.php\/vocacional\/\" \/>\n<meta property=\"og:site_name\" content=\"Terciarias Capuchinas Madre del Buen Pastor\" \/>\n<meta property=\"article:modified_time\" content=\"2026-04-08T21:56:25+00:00\" \/>\n<meta property=\"og:image\" content=\"http:\/\/terciariascapuchinasbuenpastor.org\/wp-content\/uploads\/2022\/08\/Imagen1DSDSD-1024x518.png\" \/>\n<meta name=\"twitter:card\" content=\"summary_large_image\" \/>\n<meta name=\"twitter:label1\" content=\"Tiempo estimado de lectura\" \/>\n\t<meta name=\"twitter:data1\" content=\"2 minutos\" \/>\n<script type=\"application\/ld+json\" class=\"yoast-schema-graph\">{\"@context\":\"https:\/\/schema.org\",\"@graph\":[{\"@type\":\"WebPage\",\"@id\":\"https:\/\/terciariascapuchinasbuenpastor.org\/index.php\/vocacional\/\",\"url\":\"https:\/\/terciariascapuchinasbuenpastor.org\/index.php\/vocacional\/\",\"name\":\"PASTORAL VOCACIONAL - Terciarias Capuchinas Madre del Buen Pastor\",\"isPartOf\":{\"@id\":\"https:\/\/terciariascapuchinasbuenpastor.org\/#website\"},\"datePublished\":\"2022-08-28T23:01:37+00:00\",\"dateModified\":\"2026-04-08T21:56:25+00:00\",\"breadcrumb\":{\"@id\":\"https:\/\/terciariascapuchinasbuenpastor.org\/index.php\/vocacional\/#breadcrumb\"},\"inLanguage\":\"es-CO\",\"potentialAction\":[{\"@type\":\"ReadAction\",\"target\":[\"https:\/\/terciariascapuchinasbuenpastor.org\/index.php\/vocacional\/\"]}]},{\"@type\":\"BreadcrumbList\",\"@id\":\"https:\/\/terciariascapuchinasbuenpastor.org\/index.php\/vocacional\/#breadcrumb\",\"itemListElement\":[{\"@type\":\"ListItem\",\"position\":1,\"name\":\"Inicio\",\"item\":\"https:\/\/terciariascapuchinasbuenpastor.org\/\"},{\"@type\":\"ListItem\",\"position\":2,\"name\":\"PASTORAL VOCACIONAL\"}]},{\"@type\":\"WebSite\",\"@id\":\"https:\/\/terciariascapuchinasbuenpastor.org\/#website\",\"url\":\"https:\/\/terciariascapuchinasbuenpastor.org\/\",\"name\":\"Terciarias Capuchinas Madre del Buen Pastor\",\"description\":\"Sitio oficial - Provincia Madre del Buen Pastor\",\"publisher\":{\"@id\":\"https:\/\/terciariascapuchinasbuenpastor.org\/#organization\"},\"potentialAction\":[{\"@type\":\"SearchAction\",\"target\":{\"@type\":\"EntryPoint\",\"urlTemplate\":\"https:\/\/terciariascapuchinasbuenpastor.org\/?s={search_term_string}\"},\"query-input\":\"required name=search_term_string\"}],\"inLanguage\":\"es-CO\"},{\"@type\":\"Organization\",\"@id\":\"https:\/\/terciariascapuchinasbuenpastor.org\/#organization\",\"name\":\"Terciarias Capuchinas Madre del Buen Pastor\",\"url\":\"https:\/\/terciariascapuchinasbuenpastor.org\/\",\"sameAs\":[],\"logo\":{\"@type\":\"ImageObject\",\"inLanguage\":\"es-CO\",\"@id\":\"https:\/\/terciariascapuchinasbuenpastor.org\/#\/schema\/logo\/image\/\",\"url\":\"https:\/\/terciariascapuchinasbuenpastor.org\/wp-content\/uploads\/2022\/08\/cropped-CC_Express_20220824_1658390.8685437846145748.png\",\"contentUrl\":\"https:\/\/terciariascapuchinasbuenpastor.org\/wp-content\/uploads\/2022\/08\/cropped-CC_Express_20220824_1658390.8685437846145748.png\",\"width\":5057,\"height\":1261,\"caption\":\"Terciarias Capuchinas Madre del Buen Pastor\"},\"image\":{\"@id\":\"https:\/\/terciariascapuchinasbuenpastor.org\/#\/schema\/logo\/image\/\"}}]}<\/script>\n<!-- \/ Yoast SEO plugin. -->","yoast_head_json":{"title":"PASTORAL VOCACIONAL - Terciarias Capuchinas Madre del Buen Pastor","robots":{"index":"index","follow":"follow","max-snippet":"max-snippet:-1","max-image-preview":"max-image-preview:large","max-video-preview":"max-video-preview:-1"},"canonical":"https:\/\/terciariascapuchinasbuenpastor.org\/index.php\/vocacional\/","og_locale":"es_ES","og_type":"article","og_title":"PASTORAL VOCACIONAL - Terciarias Capuchinas Madre del Buen Pastor","og_description":"Convencidas que nuestra vocaci\u00f3n de mujeres consagradas como Terciarias Capuchinas de la Sagrada Familia sea un don grande y hermoso que Dios nos ha hecho y que el acompa\u00f1amiento a los j\u00f3venes es parte de nuestra misi\u00f3n, cultivamos la pastoral vocacional como espacio de b\u00fasqueda y encuentro con los j\u00f3venes para que, aun en medio&hellip; Leer m\u00e1s","og_url":"https:\/\/terciariascapuchinasbuenpastor.org\/index.php\/vocacional\/","og_site_name":"Terciarias Capuchinas Madre del Buen Pastor","article_modified_time":"2026-04-08T21:56:25+00:00","og_image":[{"url":"http:\/\/terciariascapuchinasbuenpastor.org\/wp-content\/uploads\/2022\/08\/Imagen1DSDSD-1024x518.png"}],"twitter_card":"summary_large_image","twitter_misc":{"Tiempo estimado de lectura":"2 minutos"},"schema":{"@context":"https:\/\/schema.org","@graph":[{"@type":"WebPage","@id":"https:\/\/terciariascapuchinasbuenpastor.org\/index.php\/vocacional\/","url":"https:\/\/terciariascapuchinasbuenpastor.org\/index.php\/vocacional\/","name":"PASTORAL VOCACIONAL - Terciarias Capuchinas Madre del Buen Pastor","isPartOf":{"@id":"https:\/\/terciariascapuchinasbuenpastor.org\/#website"},"datePublished":"2022-08-28T23:01:37+00:00","dateModified":"2026-04-08T21:56:25+00:00","breadcrumb":{"@id":"https:\/\/terciariascapuchinasbuenpastor.org\/index.php\/vocacional\/#breadcrumb"},"inLanguage":"es-CO","potentialAction":[{"@type":"ReadAction","target":["https:\/\/terciariascapuchinasbuenpastor.org\/index.php\/vocacional\/"]}]},{"@type":"BreadcrumbList","@id":"https:\/\/terciariascapuchinasbuenpastor.org\/index.php\/vocacional\/#breadcrumb","itemListElement":[{"@type":"ListItem","position":1,"name":"Inicio","item":"https:\/\/terciariascapuchinasbuenpastor.org\/"},{"@type":"ListItem","position":2,"name":"PASTORAL VOCACIONAL"}]},{"@type":"WebSite","@id":"https:\/\/terciariascapuchinasbuenpastor.org\/#website","url":"https:\/\/terciariascapuchinasbuenpastor.org\/","name":"Terciarias Capuchinas Madre del Buen Pastor","description":"Sitio oficial - Provincia Madre del Buen Pastor","publisher":{"@id":"https:\/\/terciariascapuchinasbuenpastor.org\/#organization"},"potentialAction":[{"@type":"SearchAction","target":{"@type":"EntryPoint","urlTemplate":"https:\/\/terciariascapuchinasbuenpastor.org\/?s={search_term_string}"},"query-input":"required name=search_term_string"}],"inLanguage":"es-CO"},{"@type":"Organization","@id":"https:\/\/terciariascapuchinasbuenpastor.org\/#organization","name":"Terciarias Capuchinas Madre del Buen Pastor","url":"https:\/\/terciariascapuchinasbuenpastor.org\/","sameAs":[],"logo":{"@type":"ImageObject","inLanguage":"es-CO","@id":"https:\/\/terciariascapuchinasbuenpastor.org\/#\/schema\/logo\/image\/","url":"https:\/\/terciariascapuchinasbuenpastor.org\/wp-content\/uploads\/2022\/08\/cropped-CC_Express_20220824_1658390.8685437846145748.png","contentUrl":"https:\/\/terciariascapuchinasbuenpastor.org\/wp-content\/uploads\/2022\/08\/cropped-CC_Express_20220824_1658390.8685437846145748.png","width":5057,"height":1261,"caption":"Terciarias Capuchinas Madre del Buen Pastor"},"image":{"@id":"https:\/\/terciariascapuchinasbuenpastor.org\/#\/schema\/logo\/image\/"}}]}},"_links":{"self":[{"href":"https:\/\/terciariascapuchinasbuenpastor.org\/index.php\/wp-json\/wp\/v2\/pages\/2130","targetHints":{"allow":["GET"]}}],"collection":[{"href":"https:\/\/terciariascapuchinasbuenpastor.org\/index.php\/wp-json\/wp\/v2\/pages"}],"about":[{"href":"https:\/\/terciariascapuchinasbuenpastor.org\/index.php\/wp-json\/wp\/v2\/types\/page"}],"author":[{"embeddable":true,"href":"https:\/\/terciariascapuchinasbuenpastor.org\/index.php\/wp-json\/wp\/v2\/users\/1"}],"replies":[{"embeddable":true,"href":"https:\/\/terciariascapuchinasbuenpastor.org\/index.php\/wp-json\/wp\/v2\/comments?post=2130"}],"version-history":[{"count":36,"href":"https:\/\/terciariascapuchinasbuenpastor.org\/index.php\/wp-json\/wp\/v2\/pages\/2130\/revisions"}],"predecessor-version":[{"id":5565,"href":"https:\/\/terciariascapuchinasbuenpastor.org\/index.php\/wp-json\/wp\/v2\/pages\/2130\/revisions\/5565"}],"wp:attachment":[{"href":"https:\/\/terciariascapuchinasbuenpastor.org\/index.php\/wp-json\/wp\/v2\/media?parent=2130"}],"curies":[{"name":"wp","href":"https:\/\/api.w.org\/{rel}","templated":true}]}}