{"id":2286,"date":"2022-08-29T01:25:20","date_gmt":"2022-08-29T01:25:20","guid":{"rendered":"https:\/\/terciariascapuchinasbuenpastor.org\/?page_id=2286"},"modified":"2025-07-31T21:05:02","modified_gmt":"2025-07-31T21:05:02","slug":"umbria","status":"publish","type":"page","link":"https:\/\/terciariascapuchinasbuenpastor.org\/index.php\/umbria\/","title":{"rendered":"Casa de hnas. mayores \u201cValle de Umbr\u00eda\u201d"},"content":{"rendered":"\t\t<div data-elementor-type=\"wp-page\" data-elementor-id=\"2286\" class=\"elementor elementor-2286\">\n\t\t\t\t\t\t\t\t\t<section class=\"elementor-section elementor-top-section elementor-element elementor-element-b51dc91 elementor-section-boxed elementor-section-height-default elementor-section-height-default\" data-id=\"b51dc91\" data-element_type=\"section\">\n\t\t\t\t\t\t<div class=\"elementor-container elementor-column-gap-default\">\n\t\t\t\t\t<div class=\"elementor-column elementor-col-100 elementor-top-column elementor-element elementor-element-b3bd786\" data-id=\"b3bd786\" data-element_type=\"column\">\n\t\t\t<div class=\"elementor-widget-wrap elementor-element-populated\">\n\t\t\t\t\t\t\t\t<div class=\"elementor-element elementor-element-96e4410 elementor-widget elementor-widget-accordion\" data-id=\"96e4410\" data-element_type=\"widget\" data-widget_type=\"accordion.default\">\n\t\t\t\t<div class=\"elementor-widget-container\">\n\t\t\t<style>\/*! elementor - v3.7.1 - 14-08-2022 *\/\n.elementor-accordion{text-align:left}.elementor-accordion .elementor-accordion-item{border:1px solid #d4d4d4}.elementor-accordion .elementor-accordion-item+.elementor-accordion-item{border-top:none}.elementor-accordion .elementor-tab-title{margin:0;padding:15px 20px;font-weight:700;line-height:1;cursor:pointer;outline:none}.elementor-accordion .elementor-tab-title .elementor-accordion-icon{display:inline-block;width:1.5em}.elementor-accordion .elementor-tab-title .elementor-accordion-icon svg{width:1em;height:1em}.elementor-accordion .elementor-tab-title .elementor-accordion-icon.elementor-accordion-icon-right{float:right;text-align:right}.elementor-accordion .elementor-tab-title .elementor-accordion-icon.elementor-accordion-icon-left{float:left;text-align:left}.elementor-accordion .elementor-tab-title .elementor-accordion-icon .elementor-accordion-icon-closed{display:block}.elementor-accordion .elementor-tab-title .elementor-accordion-icon .elementor-accordion-icon-opened,.elementor-accordion .elementor-tab-title.elementor-active .elementor-accordion-icon-closed{display:none}.elementor-accordion .elementor-tab-title.elementor-active .elementor-accordion-icon-opened{display:block}.elementor-accordion .elementor-tab-content{display:none;padding:15px 20px;border-top:1px solid #d4d4d4}@media (max-width:767px){.elementor-accordion .elementor-tab-title{padding:12px 15px}.elementor-accordion .elementor-tab-title .elementor-accordion-icon{width:1.2em}.elementor-accordion .elementor-tab-content{padding:7px 15px}}.e-container>.elementor-widget-accordion{width:var(--container-widget-width,100%)}<\/style>\t\t<div class=\"elementor-accordion\" role=\"tablist\">\n\t\t\t\t\t\t\t<div class=\"elementor-accordion-item\">\n\t\t\t\t\t<div id=\"elementor-tab-title-1581\" class=\"elementor-tab-title\" data-tab=\"1\" role=\"tab\" aria-controls=\"elementor-tab-content-1581\" aria-expanded=\"false\">\n\t\t\t\t\t\t\t\t\t\t\t\t\t<span class=\"elementor-accordion-icon elementor-accordion-icon-left\" aria-hidden=\"true\">\n\t\t\t\t\t\t\t\t\t\t\t\t\t\t\t<span class=\"elementor-accordion-icon-closed\"><i class=\"fas fa-plus\"><\/i><\/span>\n\t\t\t\t\t\t\t\t<span class=\"elementor-accordion-icon-opened\"><i class=\"fas fa-minus\"><\/i><\/span>\n\t\t\t\t\t\t\t\t\t\t\t\t\t\t<\/span>\n\t\t\t\t\t\t\t\t\t\t\t\t<a class=\"elementor-accordion-title\" href=\"\">Direcci\u00f3n<\/a>\n\t\t\t\t\t<\/div>\n\t\t\t\t\t<div id=\"elementor-tab-content-1581\" class=\"elementor-tab-content elementor-clearfix\" data-tab=\"1\" role=\"tabpanel\" aria-labelledby=\"elementor-tab-title-1581\"><p>Kilometro 13 v\u00eda a Piedecuesta, vereda la Mata (Santander)<\/p><\/div>\n\t\t\t\t<\/div>\n\t\t\t\t\t\t\t<div class=\"elementor-accordion-item\">\n\t\t\t\t\t<div id=\"elementor-tab-title-1582\" class=\"elementor-tab-title\" data-tab=\"2\" role=\"tab\" aria-controls=\"elementor-tab-content-1582\" aria-expanded=\"false\">\n\t\t\t\t\t\t\t\t\t\t\t\t\t<span class=\"elementor-accordion-icon elementor-accordion-icon-left\" aria-hidden=\"true\">\n\t\t\t\t\t\t\t\t\t\t\t\t\t\t\t<span class=\"elementor-accordion-icon-closed\"><i class=\"fas fa-plus\"><\/i><\/span>\n\t\t\t\t\t\t\t\t<span class=\"elementor-accordion-icon-opened\"><i class=\"fas fa-minus\"><\/i><\/span>\n\t\t\t\t\t\t\t\t\t\t\t\t\t\t<\/span>\n\t\t\t\t\t\t\t\t\t\t\t\t<a class=\"elementor-accordion-title\" href=\"\">Tel\u00e9fono\/Celular<\/a>\n\t\t\t\t\t<\/div>\n\t\t\t\t\t<div id=\"elementor-tab-content-1582\" class=\"elementor-tab-content elementor-clearfix\" data-tab=\"2\" role=\"tabpanel\" aria-labelledby=\"elementor-tab-title-1582\"><p>5274021<\/p><\/div>\n\t\t\t\t<\/div>\n\t\t\t\t\t\t\t<div class=\"elementor-accordion-item\">\n\t\t\t\t\t<div id=\"elementor-tab-title-1583\" class=\"elementor-tab-title\" data-tab=\"3\" role=\"tab\" aria-controls=\"elementor-tab-content-1583\" aria-expanded=\"false\">\n\t\t\t\t\t\t\t\t\t\t\t\t\t<span class=\"elementor-accordion-icon elementor-accordion-icon-left\" aria-hidden=\"true\">\n\t\t\t\t\t\t\t\t\t\t\t\t\t\t\t<span class=\"elementor-accordion-icon-closed\"><i class=\"fas fa-plus\"><\/i><\/span>\n\t\t\t\t\t\t\t\t<span class=\"elementor-accordion-icon-opened\"><i class=\"fas fa-minus\"><\/i><\/span>\n\t\t\t\t\t\t\t\t\t\t\t\t\t\t<\/span>\n\t\t\t\t\t\t\t\t\t\t\t\t<a class=\"elementor-accordion-title\" href=\"\">Email<\/a>\n\t\t\t\t\t<\/div>\n\t\t\t\t\t<div id=\"elementor-tab-content-1583\" class=\"elementor-tab-content elementor-clearfix\" data-tab=\"3\" role=\"tabpanel\" aria-labelledby=\"elementor-tab-title-1583\"><p><a href=\"mailto:internado.nazaret@terciariascapuchinas.orgm\">internado.nazaret@terciariascapuchinas.org<\/a><\/p><\/div>\n\t\t\t\t<\/div>\n\t\t\t\t\t\t\t\t<\/div>\n\t\t\t\t<\/div>\n\t\t\t\t<\/div>\n\t\t\t\t\t<\/div>\n\t\t<\/div>\n\t\t\t\t\t\t\t<\/div>\n\t\t<\/section>\n\t\t\t\t<section class=\"elementor-section elementor-top-section elementor-element elementor-element-80c5649 elementor-section-boxed elementor-section-height-default elementor-section-height-default\" data-id=\"80c5649\" data-element_type=\"section\">\n\t\t\t\t\t\t<div class=\"elementor-container elementor-column-gap-default\">\n\t\t\t\t\t<div class=\"elementor-column elementor-col-100 elementor-top-column elementor-element elementor-element-0e9ff49\" data-id=\"0e9ff49\" data-element_type=\"column\">\n\t\t\t<div class=\"elementor-widget-wrap elementor-element-populated\">\n\t\t\t\t\t\t\t\t<div class=\"elementor-element elementor-element-ddc3a26 elementor-widget elementor-widget-text-editor\" data-id=\"ddc3a26\" data-element_type=\"widget\" data-widget_type=\"text-editor.default\">\n\t\t\t\t<div class=\"elementor-widget-container\">\n\t\t\t<style>\/*! elementor - v3.7.1 - 14-08-2022 *\/\n.elementor-widget-text-editor.elementor-drop-cap-view-stacked .elementor-drop-cap{background-color:#818a91;color:#fff}.elementor-widget-text-editor.elementor-drop-cap-view-framed .elementor-drop-cap{color:#818a91;border:3px solid;background-color:transparent}.elementor-widget-text-editor:not(.elementor-drop-cap-view-default) .elementor-drop-cap{margin-top:8px}.elementor-widget-text-editor:not(.elementor-drop-cap-view-default) .elementor-drop-cap-letter{width:1em;height:1em}.elementor-widget-text-editor .elementor-drop-cap{float:left;text-align:center;line-height:1;font-size:50px}.elementor-widget-text-editor .elementor-drop-cap-letter{display:inline-block}<\/style>\t\t\t\t<p>Fundada el 23 de diciembre de 1977, con el nombre de Umbr\u00eda Chapinero Bogot\u00e1. Luego fue trasladada el 16 de julio de 1990 al Colegio Mar\u00eda Inmaculada.<\/p><p>\u00daltimo traslado fue el 25 de mayo de 1994 con el nombre de Valle de Umbr\u00eda a una casa construida para este fin.<\/p><p>Misi\u00f3n apost\u00f3lica de la obra: Atenci\u00f3n y protecci\u00f3n integral a las hermanas mayores y enfermas de la provincia.<\/p><p><strong>Hermanas que la conforman:<\/strong><\/p><ul><li>Jeannette Roc\u00edo Limas Y\u00e1\u00f1ez. Superiora<\/li><li>Yolanda Bret\u00f3n Zafra. Adm.<\/li><li>Aura Emma Mej\u00eda G\u00f3mez<\/li><li>Esperanza Ballesteros Mac\u00edas<\/li><li>Ada Tilcia Ardila Ardila<\/li><li>Adela Sof\u00eda Salcedo Peralta<\/li><li>Amparo de F\u00e1tima Gall\u00f3n Acosta<\/li><li>Ana Bertha Rodr\u00edguez Jim\u00e9nez<\/li><li>Ana Isabel Bonilla Sandoval<\/li><li>Ana Luc\u00eda Bernal Osorio<\/li><li>Aura Alejandrina L\u00f3pez Cuervo<\/li><li>Beatriz D\u00edaz Acosta<\/li><li>Blanca Offir Orozco Quiceno<\/li><li>Carmen Elisa Balaguera Mantilla<\/li><li>Carmelina Aguirre Chica<\/li><li>Dora Mu\u00f1oz Plata<\/li><li>Encarnaci\u00f3n P\u00e9rez Cristancho<\/li><li>Evangelina Villanueva P\u00e1ez<\/li><li>Graciela Mar\u00eda Pab\u00f3n Galvis<\/li><li>In\u00e9s Ortiz Prada<\/li><li>Lucia Otero Su\u00e1rez<\/li><li>Margarita Esther Amar\u00eds Molina<\/li><li>Mar\u00eda Bernarda Arango Arango<\/li><li>Mar\u00eda Bertilde Espitia Sosa<\/li><li>Mar\u00eda de Jes\u00fas Palacios Becerra<\/li><li>Mar\u00eda del Carmen Ariza Merch\u00e1n<\/li><li>Mar\u00eda Emelina P\u00e1ez Malaver<\/li><li>Mar\u00eda In\u00e9s Rodr\u00edguez Jim\u00e9nez<\/li><li>Mar\u00eda Leticia Arcila Gonz\u00e1lez<\/li><li>Mar\u00eda Ofelia P\u00e9rez Arango<\/li><li>Mar\u00eda Oliva R\u00edos Osorio<\/li><li>Mar\u00eda Teresa L\u00f3pez Meneses<\/li><li>Marina de Jes\u00fas Sep\u00falveda D\u00edaz<\/li><li>Marina Isaza Botero<\/li><li>Miryam Rodr\u00edguez<\/li><li>Mery Pati\u00f1o Arias<\/li><li>Remedios Ariza Daza<\/li><li>Rosa Mar\u00eda Bustos Mart\u00ednez<\/li><\/ul>\t\t\t\t\t\t<\/div>\n\t\t\t\t<\/div>\n\t\t\t\t\t<\/div>\n\t\t<\/div>\n\t\t\t\t\t\t\t<\/div>\n\t\t<\/section>\n\t\t\t\t<section class=\"elementor-section elementor-top-section elementor-element elementor-element-cd52316 elementor-section-boxed elementor-section-height-default elementor-section-height-default\" data-id=\"cd52316\" data-element_type=\"section\">\n\t\t\t\t\t\t<div class=\"elementor-container elementor-column-gap-default\">\n\t\t\t\t\t<div class=\"elementor-column elementor-col-100 elementor-top-column elementor-element elementor-element-e8e72a1\" data-id=\"e8e72a1\" data-element_type=\"column\">\n\t\t\t<div class=\"elementor-widget-wrap elementor-element-populated\">\n\t\t\t\t\t\t\t\t<div class=\"elementor-element elementor-element-a29889f elementor-widget elementor-widget-image\" data-id=\"a29889f\" data-element_type=\"widget\" data-widget_type=\"image.default\">\n\t\t\t\t<div class=\"elementor-widget-container\">\n\t\t\t<style>\/*! elementor - v3.7.1 - 14-08-2022 *\/\n.elementor-widget-image{text-align:center}.elementor-widget-image a{display:inline-block}.elementor-widget-image a img[src$=\".svg\"]{width:48px}.elementor-widget-image img{vertical-align:middle;display:inline-block}<\/style>\t\t\t\t\t\t\t\t\t\t\t\t<img loading=\"lazy\" decoding=\"async\" width=\"837\" height=\"408\" src=\"https:\/\/terciariascapuchinasbuenpastor.org\/wp-content\/uploads\/2022\/09\/UMBR02HTC.jpg\" class=\"attachment-large size-large\" alt=\"\" srcset=\"https:\/\/terciariascapuchinasbuenpastor.org\/wp-content\/uploads\/2022\/09\/UMBR02HTC.jpg 837w, https:\/\/terciariascapuchinasbuenpastor.org\/wp-content\/uploads\/2022\/09\/UMBR02HTC-300x146.jpg 300w, https:\/\/terciariascapuchinasbuenpastor.org\/wp-content\/uploads\/2022\/09\/UMBR02HTC-768x374.jpg 768w\" sizes=\"auto, (max-width: 837px) 100vw, 837px\" \/>\t\t\t\t\t\t\t\t\t\t\t\t\t\t\t<\/div>\n\t\t\t\t<\/div>\n\t\t\t\t\t<\/div>\n\t\t<\/div>\n\t\t\t\t\t\t\t<\/div>\n\t\t<\/section>\n\t\t\t\t<section class=\"elementor-section elementor-top-section elementor-element elementor-element-ac06cb5 elementor-section-boxed elementor-section-height-default elementor-section-height-default\" data-id=\"ac06cb5\" data-element_type=\"section\">\n\t\t\t\t\t\t<div class=\"elementor-container elementor-column-gap-default\">\n\t\t\t\t\t<div class=\"elementor-column elementor-col-100 elementor-top-column elementor-element elementor-element-7fd6161\" data-id=\"7fd6161\" data-element_type=\"column\">\n\t\t\t<div class=\"elementor-widget-wrap elementor-element-populated\">\n\t\t\t\t\t\t\t\t\t<\/div>\n\t\t<\/div>\n\t\t\t\t\t\t\t<\/div>\n\t\t<\/section>\n\t\t\t\t<section class=\"elementor-section elementor-top-section elementor-element elementor-element-48051ab elementor-section-boxed elementor-section-height-default elementor-section-height-default\" data-id=\"48051ab\" data-element_type=\"section\">\n\t\t\t\t\t\t<div class=\"elementor-container elementor-column-gap-default\">\n\t\t\t\t\t<div class=\"elementor-column elementor-col-100 elementor-top-column elementor-element elementor-element-e4e4d69\" data-id=\"e4e4d69\" data-element_type=\"column\">\n\t\t\t<div class=\"elementor-widget-wrap elementor-element-populated\">\n\t\t\t\t\t\t\t\t<div class=\"elementor-element elementor-element-f8a8964 elementor-widget elementor-widget-image\" data-id=\"f8a8964\" data-element_type=\"widget\" data-widget_type=\"image.default\">\n\t\t\t\t<div class=\"elementor-widget-container\">\n\t\t\t\t\t\t\t\t\t\t\t\t\t\t\t<img loading=\"lazy\" decoding=\"async\" width=\"1024\" height=\"473\" src=\"https:\/\/terciariascapuchinasbuenpastor.org\/wp-content\/uploads\/2025\/04\/HnasMayoresUmbria-1024x473.jpeg\" class=\"attachment-large size-large\" alt=\"\" srcset=\"https:\/\/terciariascapuchinasbuenpastor.org\/wp-content\/uploads\/2025\/04\/HnasMayoresUmbria-1024x473.jpeg 1024w, https:\/\/terciariascapuchinasbuenpastor.org\/wp-content\/uploads\/2025\/04\/HnasMayoresUmbria-300x139.jpeg 300w, https:\/\/terciariascapuchinasbuenpastor.org\/wp-content\/uploads\/2025\/04\/HnasMayoresUmbria-768x355.jpeg 768w, https:\/\/terciariascapuchinasbuenpastor.org\/wp-content\/uploads\/2025\/04\/HnasMayoresUmbria-1536x710.jpeg 1536w, https:\/\/terciariascapuchinasbuenpastor.org\/wp-content\/uploads\/2025\/04\/HnasMayoresUmbria-2048x947.jpeg 2048w, https:\/\/terciariascapuchinasbuenpastor.org\/wp-content\/uploads\/2025\/04\/HnasMayoresUmbria-1920x887.jpeg 1920w\" sizes=\"auto, (max-width: 1024px) 100vw, 1024px\" \/>\t\t\t\t\t\t\t\t\t\t\t\t\t\t\t<\/div>\n\t\t\t\t<\/div>\n\t\t\t\t\t<\/div>\n\t\t<\/div>\n\t\t\t\t\t\t\t<\/div>\n\t\t<\/section>\n\t\t\t\t\t\t\t<\/div>\n\t\t","protected":false},"excerpt":{"rendered":"<p>Direcci\u00f3n Kilometro 13 v\u00eda a Piedecuesta, vereda la Mata (Santander) Tel\u00e9fono\/Celular 5274021 Email internado.nazaret@terciariascapuchinas.org Fundada el 23 de diciembre de 1977, con el nombre de Umbr\u00eda Chapinero Bogot\u00e1. Luego fue trasladada el 16 de julio de 1990 al Colegio Mar\u00eda Inmaculada. \u00daltimo traslado fue el 25 de mayo de 1994 con el nombre de Valle&hellip; <br \/> <a class=\"read-more\" href=\"https:\/\/terciariascapuchinasbuenpastor.org\/index.php\/umbria\/\">Leer m\u00e1s<\/a><\/p>\n","protected":false},"author":1,"featured_media":0,"parent":0,"menu_order":0,"comment_status":"closed","ping_status":"closed","template":"","meta":{"footnotes":""},"class_list":["post-2286","page","type-page","status-publish","hentry"],"yoast_head":"<!-- This site is optimized with the Yoast SEO plugin v19.6.1 - https:\/\/yoast.com\/wordpress\/plugins\/seo\/ -->\n<title>Casa de hnas. mayores \u201cValle de Umbr\u00eda\u201d - Terciarias Capuchinas Madre del Buen Pastor<\/title>\n<meta name=\"description\" content=\"Atenci\u00f3n y protecci\u00f3n integral a las hermanas mayores y enfermas de la provincia,\" \/>\n<meta name=\"robots\" content=\"index, follow, max-snippet:-1, max-image-preview:large, max-video-preview:-1\" \/>\n<link rel=\"canonical\" href=\"https:\/\/terciariascapuchinasbuenpastor.org\/index.php\/umbria\/\" \/>\n<meta property=\"og:locale\" content=\"es_ES\" \/>\n<meta property=\"og:type\" content=\"article\" \/>\n<meta property=\"og:title\" content=\"Casa de hnas. mayores \u201cValle de Umbr\u00eda\u201d - Terciarias Capuchinas Madre del Buen Pastor\" \/>\n<meta property=\"og:description\" content=\"Atenci\u00f3n y protecci\u00f3n integral a las hermanas mayores y enfermas de la provincia,\" \/>\n<meta property=\"og:url\" content=\"https:\/\/terciariascapuchinasbuenpastor.org\/index.php\/umbria\/\" \/>\n<meta property=\"og:site_name\" content=\"Terciarias Capuchinas Madre del Buen Pastor\" \/>\n<meta property=\"article:modified_time\" content=\"2025-07-31T21:05:02+00:00\" \/>\n<meta property=\"og:image\" content=\"http:\/\/terciariascapuchinasbuenpastor.org\/wp-content\/uploads\/2022\/09\/UMBR02HTC.jpg\" \/>\n<meta name=\"twitter:card\" content=\"summary_large_image\" \/>\n<meta name=\"twitter:label1\" content=\"Tiempo estimado de lectura\" \/>\n\t<meta name=\"twitter:data1\" content=\"2 minutos\" \/>\n<script type=\"application\/ld+json\" class=\"yoast-schema-graph\">{\"@context\":\"https:\/\/schema.org\",\"@graph\":[{\"@type\":\"WebPage\",\"@id\":\"https:\/\/terciariascapuchinasbuenpastor.org\/index.php\/umbria\/\",\"url\":\"https:\/\/terciariascapuchinasbuenpastor.org\/index.php\/umbria\/\",\"name\":\"Casa de hnas. mayores \u201cValle de Umbr\u00eda\u201d - Terciarias Capuchinas Madre del Buen Pastor\",\"isPartOf\":{\"@id\":\"https:\/\/terciariascapuchinasbuenpastor.org\/#website\"},\"datePublished\":\"2022-08-29T01:25:20+00:00\",\"dateModified\":\"2025-07-31T21:05:02+00:00\",\"description\":\"Atenci\u00f3n y protecci\u00f3n integral a las hermanas mayores y enfermas de la provincia,\",\"breadcrumb\":{\"@id\":\"https:\/\/terciariascapuchinasbuenpastor.org\/index.php\/umbria\/#breadcrumb\"},\"inLanguage\":\"es-CO\",\"potentialAction\":[{\"@type\":\"ReadAction\",\"target\":[\"https:\/\/terciariascapuchinasbuenpastor.org\/index.php\/umbria\/\"]}]},{\"@type\":\"BreadcrumbList\",\"@id\":\"https:\/\/terciariascapuchinasbuenpastor.org\/index.php\/umbria\/#breadcrumb\",\"itemListElement\":[{\"@type\":\"ListItem\",\"position\":1,\"name\":\"Inicio\",\"item\":\"https:\/\/terciariascapuchinasbuenpastor.org\/\"},{\"@type\":\"ListItem\",\"position\":2,\"name\":\"Casa de hnas. mayores \u201cValle de Umbr\u00eda\u201d\"}]},{\"@type\":\"WebSite\",\"@id\":\"https:\/\/terciariascapuchinasbuenpastor.org\/#website\",\"url\":\"https:\/\/terciariascapuchinasbuenpastor.org\/\",\"name\":\"Terciarias Capuchinas Madre del Buen Pastor\",\"description\":\"Sitio oficial - Provincia Madre del Buen Pastor\",\"publisher\":{\"@id\":\"https:\/\/terciariascapuchinasbuenpastor.org\/#organization\"},\"potentialAction\":[{\"@type\":\"SearchAction\",\"target\":{\"@type\":\"EntryPoint\",\"urlTemplate\":\"https:\/\/terciariascapuchinasbuenpastor.org\/?s={search_term_string}\"},\"query-input\":\"required name=search_term_string\"}],\"inLanguage\":\"es-CO\"},{\"@type\":\"Organization\",\"@id\":\"https:\/\/terciariascapuchinasbuenpastor.org\/#organization\",\"name\":\"Terciarias Capuchinas Madre del Buen Pastor\",\"url\":\"https:\/\/terciariascapuchinasbuenpastor.org\/\",\"sameAs\":[],\"logo\":{\"@type\":\"ImageObject\",\"inLanguage\":\"es-CO\",\"@id\":\"https:\/\/terciariascapuchinasbuenpastor.org\/#\/schema\/logo\/image\/\",\"url\":\"https:\/\/terciariascapuchinasbuenpastor.org\/wp-content\/uploads\/2022\/08\/cropped-CC_Express_20220824_1658390.8685437846145748.png\",\"contentUrl\":\"https:\/\/terciariascapuchinasbuenpastor.org\/wp-content\/uploads\/2022\/08\/cropped-CC_Express_20220824_1658390.8685437846145748.png\",\"width\":5057,\"height\":1261,\"caption\":\"Terciarias Capuchinas Madre del Buen Pastor\"},\"image\":{\"@id\":\"https:\/\/terciariascapuchinasbuenpastor.org\/#\/schema\/logo\/image\/\"}}]}<\/script>\n<!-- \/ Yoast SEO plugin. -->","yoast_head_json":{"title":"Casa de hnas. mayores \u201cValle de Umbr\u00eda\u201d - Terciarias Capuchinas Madre del Buen Pastor","description":"Atenci\u00f3n y protecci\u00f3n integral a las hermanas mayores y enfermas de la provincia,","robots":{"index":"index","follow":"follow","max-snippet":"max-snippet:-1","max-image-preview":"max-image-preview:large","max-video-preview":"max-video-preview:-1"},"canonical":"https:\/\/terciariascapuchinasbuenpastor.org\/index.php\/umbria\/","og_locale":"es_ES","og_type":"article","og_title":"Casa de hnas. mayores \u201cValle de Umbr\u00eda\u201d - Terciarias Capuchinas Madre del Buen Pastor","og_description":"Atenci\u00f3n y protecci\u00f3n integral a las hermanas mayores y enfermas de la provincia,","og_url":"https:\/\/terciariascapuchinasbuenpastor.org\/index.php\/umbria\/","og_site_name":"Terciarias Capuchinas Madre del Buen Pastor","article_modified_time":"2025-07-31T21:05:02+00:00","og_image":[{"url":"http:\/\/terciariascapuchinasbuenpastor.org\/wp-content\/uploads\/2022\/09\/UMBR02HTC.jpg"}],"twitter_card":"summary_large_image","twitter_misc":{"Tiempo estimado de lectura":"2 minutos"},"schema":{"@context":"https:\/\/schema.org","@graph":[{"@type":"WebPage","@id":"https:\/\/terciariascapuchinasbuenpastor.org\/index.php\/umbria\/","url":"https:\/\/terciariascapuchinasbuenpastor.org\/index.php\/umbria\/","name":"Casa de hnas. mayores \u201cValle de Umbr\u00eda\u201d - Terciarias Capuchinas Madre del Buen Pastor","isPartOf":{"@id":"https:\/\/terciariascapuchinasbuenpastor.org\/#website"},"datePublished":"2022-08-29T01:25:20+00:00","dateModified":"2025-07-31T21:05:02+00:00","description":"Atenci\u00f3n y protecci\u00f3n integral a las hermanas mayores y enfermas de la provincia,","breadcrumb":{"@id":"https:\/\/terciariascapuchinasbuenpastor.org\/index.php\/umbria\/#breadcrumb"},"inLanguage":"es-CO","potentialAction":[{"@type":"ReadAction","target":["https:\/\/terciariascapuchinasbuenpastor.org\/index.php\/umbria\/"]}]},{"@type":"BreadcrumbList","@id":"https:\/\/terciariascapuchinasbuenpastor.org\/index.php\/umbria\/#breadcrumb","itemListElement":[{"@type":"ListItem","position":1,"name":"Inicio","item":"https:\/\/terciariascapuchinasbuenpastor.org\/"},{"@type":"ListItem","position":2,"name":"Casa de hnas. mayores \u201cValle de Umbr\u00eda\u201d"}]},{"@type":"WebSite","@id":"https:\/\/terciariascapuchinasbuenpastor.org\/#website","url":"https:\/\/terciariascapuchinasbuenpastor.org\/","name":"Terciarias Capuchinas Madre del Buen Pastor","description":"Sitio oficial - Provincia Madre del Buen Pastor","publisher":{"@id":"https:\/\/terciariascapuchinasbuenpastor.org\/#organization"},"potentialAction":[{"@type":"SearchAction","target":{"@type":"EntryPoint","urlTemplate":"https:\/\/terciariascapuchinasbuenpastor.org\/?s={search_term_string}"},"query-input":"required name=search_term_string"}],"inLanguage":"es-CO"},{"@type":"Organization","@id":"https:\/\/terciariascapuchinasbuenpastor.org\/#organization","name":"Terciarias Capuchinas Madre del Buen Pastor","url":"https:\/\/terciariascapuchinasbuenpastor.org\/","sameAs":[],"logo":{"@type":"ImageObject","inLanguage":"es-CO","@id":"https:\/\/terciariascapuchinasbuenpastor.org\/#\/schema\/logo\/image\/","url":"https:\/\/terciariascapuchinasbuenpastor.org\/wp-content\/uploads\/2022\/08\/cropped-CC_Express_20220824_1658390.8685437846145748.png","contentUrl":"https:\/\/terciariascapuchinasbuenpastor.org\/wp-content\/uploads\/2022\/08\/cropped-CC_Express_20220824_1658390.8685437846145748.png","width":5057,"height":1261,"caption":"Terciarias Capuchinas Madre del Buen Pastor"},"image":{"@id":"https:\/\/terciariascapuchinasbuenpastor.org\/#\/schema\/logo\/image\/"}}]}},"_links":{"self":[{"href":"https:\/\/terciariascapuchinasbuenpastor.org\/index.php\/wp-json\/wp\/v2\/pages\/2286","targetHints":{"allow":["GET"]}}],"collection":[{"href":"https:\/\/terciariascapuchinasbuenpastor.org\/index.php\/wp-json\/wp\/v2\/pages"}],"about":[{"href":"https:\/\/terciariascapuchinasbuenpastor.org\/index.php\/wp-json\/wp\/v2\/types\/page"}],"author":[{"embeddable":true,"href":"https:\/\/terciariascapuchinasbuenpastor.org\/index.php\/wp-json\/wp\/v2\/users\/1"}],"replies":[{"embeddable":true,"href":"https:\/\/terciariascapuchinasbuenpastor.org\/index.php\/wp-json\/wp\/v2\/comments?post=2286"}],"version-history":[{"count":14,"href":"https:\/\/terciariascapuchinasbuenpastor.org\/index.php\/wp-json\/wp\/v2\/pages\/2286\/revisions"}],"predecessor-version":[{"id":5028,"href":"https:\/\/terciariascapuchinasbuenpastor.org\/index.php\/wp-json\/wp\/v2\/pages\/2286\/revisions\/5028"}],"wp:attachment":[{"href":"https:\/\/terciariascapuchinasbuenpastor.org\/index.php\/wp-json\/wp\/v2\/media?parent=2286"}],"curies":[{"name":"wp","href":"https:\/\/api.w.org\/{rel}","templated":true}]}}